{"id":1768,"date":"2024-01-29T17:30:51","date_gmt":"2024-01-29T17:30:51","guid":{"rendered":"https:\/\/web4.rkinformatika.net\/gureyoga\/?page_id=1768"},"modified":"2025-08-10T13:29:09","modified_gmt":"2025-08-10T13:29:09","slug":"la-shala","status":"publish","type":"page","link":"https:\/\/gureyoga.com\/es\/la-shala\/","title":{"rendered":"La Shala"},"content":{"rendered":"\t\t<div data-elementor-type=\"wp-page\" data-elementor-id=\"1768\" class=\"elementor elementor-1768\" data-elementor-post-type=\"page\">\n\t\t\t\t\t\t<section class=\"elementor-section elementor-top-section elementor-element elementor-element-adc59c6 elementor-section-boxed elementor-section-height-default elementor-section-height-default\" data-id=\"adc59c6\" data-element_type=\"section\" data-e-type=\"section\" data-settings=\"{&quot;background_background&quot;:&quot;classic&quot;}\">\n\t\t\t\t\t\t\t<div class=\"elementor-background-overlay\"><\/div>\n\t\t\t\t\t\t\t<div class=\"elementor-container elementor-column-gap-default\">\n\t\t\t\t\t<div class=\"elementor-column elementor-col-100 elementor-top-column elementor-element elementor-element-05765d0\" data-id=\"05765d0\" data-element_type=\"column\" data-e-type=\"column\">\n\t\t\t<div class=\"elementor-widget-wrap\">\n\t\t\t\t\t\t\t<\/div>\n\t\t<\/div>\n\t\t\t\t\t<\/div>\n\t\t<\/section>\n\t\t<div class=\"elementor-element elementor-element-542d21c e-flex e-con-boxed e-con e-parent\" data-id=\"542d21c\" data-element_type=\"container\" data-e-type=\"container\">\n\t\t\t\t\t<div class=\"e-con-inner\">\n\t\t\t\t<div class=\"elementor-element elementor-element-2e6b36e elementor-invisible elementor-widget elementor-widget-heading\" data-id=\"2e6b36e\" data-element_type=\"widget\" data-e-type=\"widget\" data-settings=\"{&quot;_animation&quot;:&quot;rotateInDownLeft&quot;}\" data-widget_type=\"heading.default\">\n\t\t\t\t<div class=\"elementor-widget-container\">\n\t\t\t\t\t<h2 class=\"elementor-heading-title elementor-size-default\">LA SHALA<\/h2>\t\t\t\t<\/div>\n\t\t\t\t<\/div>\n\t\t\t\t<div class=\"elementor-element elementor-element-78dcdd1 elementor-widget-divider--view-line_icon elementor-view-default elementor-widget-divider--element-align-center elementor-widget elementor-widget-divider\" data-id=\"78dcdd1\" data-element_type=\"widget\" data-e-type=\"widget\" data-widget_type=\"divider.default\">\n\t\t\t\t<div class=\"elementor-widget-container\">\n\t\t\t\t\t\t\t<div class=\"elementor-divider\">\n\t\t\t<span class=\"elementor-divider-separator\">\n\t\t\t\t\t\t\t<div class=\"elementor-icon elementor-divider__element\">\n\t\t\t\t\t<i aria-hidden=\"true\" class=\"icon icon-leaf\"><\/i><\/div>\n\t\t\t\t\t\t<\/span>\n\t\t<\/div>\n\t\t\t\t\t\t<\/div>\n\t\t\t\t<\/div>\n\t\t\t\t<div class=\"elementor-element elementor-element-d768a04 elementor-widget elementor-widget-text-editor\" data-id=\"d768a04\" data-element_type=\"widget\" data-e-type=\"widget\" data-widget_type=\"text-editor.default\">\n\t\t\t\t<div class=\"elementor-widget-container\">\n\t\t\t\t\t\t\t\t\t<p data-start=\"208\" data-end=\"417\">Imagina un lugar amplio, luminoso y tranquilo, dise\u00f1ado para que la energ\u00eda fluya.<br data-start=\"290\" data-end=\"293\" \/>Nuestra <strong>Shala de 80m\u00b2<\/strong> es un espacio donde se respira calma y cada rinc\u00f3n invita a la presencia.<\/p><p data-start=\"419\" data-end=\"618\">Contamos con todo el material necesario para diferentes disciplinas: mantas, sillas, esterillas, bloques, cojines de meditaci\u00f3n\u2026 todo listo para que t\u00fa y tu grupo solo teng\u00e1is que llegar y empezar.<\/p><p data-start=\"620\" data-end=\"771\">Adem\u00e1s, disponemos de <strong data-start=\"642\" data-end=\"660\">dos vestuarios<\/strong> para que puedas cambiarte, dejar el m\u00f3vil y cualquier distracci\u00f3n, y as\u00ed disfrutar de una experiencia plena.<\/p><p data-start=\"773\" data-end=\"995\">Si buscas un lugar para tu <strong data-start=\"800\" data-end=\"862\">taller, formaci\u00f3n, retiro urbano o charla de fin de semana<\/strong>, nuestra Shala est\u00e1 disponible para ti.<br data-start=\"902\" data-end=\"905\" \/>Solo tienes que ponerte en contacto y encontraremos la fecha perfecta para tu propuesta.<\/p><p data-start=\"997\" data-end=\"1085\"><strong data-start=\"997\" data-end=\"1083\">Un espacio cuidado, preparado y abierto a que suceda lo que tengas para compartir.<\/strong><\/p>\t\t\t\t\t\t\t\t<\/div>\n\t\t\t\t<\/div>\n\t\t\t\t\t<\/div>\n\t\t\t\t<\/div>\n\t\t<div class=\"elementor-element elementor-element-20abf49 e-flex e-con-boxed e-con e-parent\" data-id=\"20abf49\" data-element_type=\"container\" data-e-type=\"container\">\n\t\t\t\t\t<div class=\"e-con-inner\">\n\t\t<div class=\"elementor-element elementor-element-70ca231 e-con-full e-flex e-con e-child\" data-id=\"70ca231\" data-element_type=\"container\" data-e-type=\"container\">\n\t\t\t\t<div class=\"elementor-element elementor-element-83cbf17 elementor-widget elementor-widget-image\" data-id=\"83cbf17\" data-element_type=\"widget\" data-e-type=\"widget\" data-widget_type=\"image.default\">\n\t\t\t\t<div class=\"elementor-widget-container\">\n\t\t\t\t\t\t\t\t\t\t\t\t\t\t\t<img fetchpriority=\"high\" decoding=\"async\" width=\"800\" height=\"533\" src=\"https:\/\/gureyoga.com\/wp-content\/uploads\/2024\/02\/Diseno-sin-titulo-67-1024x682.png\" class=\"attachment-large size-large wp-image-2075\" alt=\"\" srcset=\"https:\/\/gureyoga.com\/wp-content\/uploads\/2024\/02\/Diseno-sin-titulo-67-1024x682.png 1024w, https:\/\/gureyoga.com\/wp-content\/uploads\/2024\/02\/Diseno-sin-titulo-67-300x200.png 300w, https:\/\/gureyoga.com\/wp-content\/uploads\/2024\/02\/Diseno-sin-titulo-67-768x511.png 768w, https:\/\/gureyoga.com\/wp-content\/uploads\/2024\/02\/Diseno-sin-titulo-67-1536x1022.png 1536w, https:\/\/gureyoga.com\/wp-content\/uploads\/2024\/02\/Diseno-sin-titulo-67-2048x1363.png 2048w, https:\/\/gureyoga.com\/wp-content\/uploads\/2024\/02\/Diseno-sin-titulo-67-18x12.png 18w, https:\/\/gureyoga.com\/wp-content\/uploads\/2024\/02\/Diseno-sin-titulo-67-600x399.png 600w\" sizes=\"(max-width: 800px) 100vw, 800px\" \/>\t\t\t\t\t\t\t\t\t\t\t\t\t\t\t<\/div>\n\t\t\t\t<\/div>\n\t\t\t\t<\/div>\n\t\t<div class=\"elementor-element elementor-element-5fba461 e-con-full e-flex e-con e-child\" data-id=\"5fba461\" data-element_type=\"container\" data-e-type=\"container\">\n\t\t\t\t<div class=\"elementor-element elementor-element-03fb40b elementor-widget elementor-widget-image\" data-id=\"03fb40b\" data-element_type=\"widget\" data-e-type=\"widget\" data-widget_type=\"image.default\">\n\t\t\t\t<div class=\"elementor-widget-container\">\n\t\t\t\t\t\t\t\t\t\t\t\t\t\t\t<img decoding=\"async\" width=\"768\" height=\"1024\" src=\"https:\/\/gureyoga.com\/wp-content\/uploads\/2024\/08\/foto-dia-inter-del-yoga-768x1024.jpg\" class=\"attachment-large size-large wp-image-2243\" alt=\"\" srcset=\"https:\/\/gureyoga.com\/wp-content\/uploads\/2024\/08\/foto-dia-inter-del-yoga-768x1024.jpg 768w, https:\/\/gureyoga.com\/wp-content\/uploads\/2024\/08\/foto-dia-inter-del-yoga-225x300.jpg 225w, https:\/\/gureyoga.com\/wp-content\/uploads\/2024\/08\/foto-dia-inter-del-yoga-1152x1536.jpg 1152w, https:\/\/gureyoga.com\/wp-content\/uploads\/2024\/08\/foto-dia-inter-del-yoga-1536x2048.jpg 1536w, https:\/\/gureyoga.com\/wp-content\/uploads\/2024\/08\/foto-dia-inter-del-yoga-9x12.jpg 9w, https:\/\/gureyoga.com\/wp-content\/uploads\/2024\/08\/foto-dia-inter-del-yoga-600x800.jpg 600w, https:\/\/gureyoga.com\/wp-content\/uploads\/2024\/08\/foto-dia-inter-del-yoga-scaled.jpg 1920w\" sizes=\"(max-width: 768px) 100vw, 768px\" \/>\t\t\t\t\t\t\t\t\t\t\t\t\t\t\t<\/div>\n\t\t\t\t<\/div>\n\t\t\t\t<\/div>\n\t\t\t\t\t<\/div>\n\t\t\t\t<\/div>\n\t\t\t\t<\/div>\n\t\t","protected":false},"excerpt":{"rendered":"<p>LA SHALA Imagina un lugar amplio, luminoso y tranquilo, dise\u00f1ado para que la energ\u00eda fluya.Nuestra Shala de 80m\u00b2 es un espacio donde se respira calma y cada rinc\u00f3n invita a la presencia. Contamos con todo el material necesario para diferentes disciplinas: mantas, sillas, esterillas, bloques, cojines de meditaci\u00f3n\u2026 todo listo para que t\u00fa y tu [&hellip;]<\/p>\n","protected":false},"author":1,"featured_media":0,"parent":0,"menu_order":0,"comment_status":"closed","ping_status":"closed","template":"elementor_canvas","meta":{"footnotes":""},"class_list":["post-1768","page","type-page","status-publish","hentry"],"yoast_head":"<!-- This site is optimized with the Yoast SEO plugin v27.4 - https:\/\/yoast.com\/product\/yoast-seo-wordpress\/ -->\n<title>La Shala - Gure Yoga<\/title>\n<meta name=\"robots\" content=\"index, follow, max-snippet:-1, max-image-preview:large, max-video-preview:-1\" \/>\n<link rel=\"canonical\" href=\"https:\/\/gureyoga.com\/es\/la-shala\/\" \/>\n<meta property=\"og:locale\" content=\"es_ES\" \/>\n<meta property=\"og:type\" content=\"article\" \/>\n<meta property=\"og:title\" content=\"La Shala - Gure Yoga\" \/>\n<meta property=\"og:description\" content=\"LA SHALA Imagina un lugar amplio, luminoso y tranquilo, dise\u00f1ado para que la energ\u00eda fluya.Nuestra Shala de 80m\u00b2 es un espacio donde se respira calma y cada rinc\u00f3n invita a la presencia. Contamos con todo el material necesario para diferentes disciplinas: mantas, sillas, esterillas, bloques, cojines de meditaci\u00f3n\u2026 todo listo para que t\u00fa y tu [&hellip;]\" \/>\n<meta property=\"og:url\" content=\"https:\/\/gureyoga.com\/es\/la-shala\/\" \/>\n<meta property=\"og:site_name\" content=\"Gure Yoga\" \/>\n<meta property=\"article:modified_time\" content=\"2025-08-10T13:29:09+00:00\" \/>\n<meta property=\"og:image\" content=\"https:\/\/gureyoga.com\/wp-content\/uploads\/2024\/02\/Diseno-sin-titulo-67-1024x682.png\" \/>\n\t<meta property=\"og:image:width\" content=\"1024\" \/>\n\t<meta property=\"og:image:height\" content=\"682\" \/>\n\t<meta property=\"og:image:type\" content=\"image\/png\" \/>\n<meta name=\"twitter:card\" content=\"summary_large_image\" \/>\n<meta name=\"twitter:label1\" content=\"Tiempo de lectura\" \/>\n\t<meta name=\"twitter:data1\" content=\"1 minuto\" \/>\n<script type=\"application\/ld+json\" class=\"yoast-schema-graph\">{\"@context\":\"https:\\\/\\\/schema.org\",\"@graph\":[{\"@type\":\"WebPage\",\"@id\":\"https:\\\/\\\/gureyoga.com\\\/la-shala\\\/\",\"url\":\"https:\\\/\\\/gureyoga.com\\\/la-shala\\\/\",\"name\":\"La Shala - Gure Yoga\",\"isPartOf\":{\"@id\":\"https:\\\/\\\/gureyoga.com\\\/#website\"},\"primaryImageOfPage\":{\"@id\":\"https:\\\/\\\/gureyoga.com\\\/la-shala\\\/#primaryimage\"},\"image\":{\"@id\":\"https:\\\/\\\/gureyoga.com\\\/la-shala\\\/#primaryimage\"},\"thumbnailUrl\":\"https:\\\/\\\/gureyoga.com\\\/wp-content\\\/uploads\\\/2024\\\/02\\\/Diseno-sin-titulo-67-1024x682.png\",\"datePublished\":\"2024-01-29T17:30:51+00:00\",\"dateModified\":\"2025-08-10T13:29:09+00:00\",\"breadcrumb\":{\"@id\":\"https:\\\/\\\/gureyoga.com\\\/la-shala\\\/#breadcrumb\"},\"inLanguage\":\"es\",\"potentialAction\":[{\"@type\":\"ReadAction\",\"target\":[\"https:\\\/\\\/gureyoga.com\\\/la-shala\\\/\"]}]},{\"@type\":\"ImageObject\",\"inLanguage\":\"es\",\"@id\":\"https:\\\/\\\/gureyoga.com\\\/la-shala\\\/#primaryimage\",\"url\":\"https:\\\/\\\/gureyoga.com\\\/wp-content\\\/uploads\\\/2024\\\/02\\\/Diseno-sin-titulo-67-1024x682.png\",\"contentUrl\":\"https:\\\/\\\/gureyoga.com\\\/wp-content\\\/uploads\\\/2024\\\/02\\\/Diseno-sin-titulo-67-1024x682.png\"},{\"@type\":\"BreadcrumbList\",\"@id\":\"https:\\\/\\\/gureyoga.com\\\/la-shala\\\/#breadcrumb\",\"itemListElement\":[{\"@type\":\"ListItem\",\"position\":1,\"name\":\"Portada\",\"item\":\"https:\\\/\\\/gureyoga.com\\\/\"},{\"@type\":\"ListItem\",\"position\":2,\"name\":\"La Shala\"}]},{\"@type\":\"WebSite\",\"@id\":\"https:\\\/\\\/gureyoga.com\\\/#website\",\"url\":\"https:\\\/\\\/gureyoga.com\\\/\",\"name\":\"Gure Yoga\",\"description\":\"El yoga es para todas las personas que quieran mejorar su salud f\u00edsica y mental.\",\"potentialAction\":[{\"@type\":\"SearchAction\",\"target\":{\"@type\":\"EntryPoint\",\"urlTemplate\":\"https:\\\/\\\/gureyoga.com\\\/?s={search_term_string}\"},\"query-input\":{\"@type\":\"PropertyValueSpecification\",\"valueRequired\":true,\"valueName\":\"search_term_string\"}}],\"inLanguage\":\"es\"}]}<\/script>\n<!-- \/ Yoast SEO plugin. -->","yoast_head_json":{"title":"La Shala - Gure Yoga","robots":{"index":"index","follow":"follow","max-snippet":"max-snippet:-1","max-image-preview":"max-image-preview:large","max-video-preview":"max-video-preview:-1"},"canonical":"https:\/\/gureyoga.com\/es\/la-shala\/","og_locale":"es_ES","og_type":"article","og_title":"La Shala - Gure Yoga","og_description":"LA SHALA Imagina un lugar amplio, luminoso y tranquilo, dise\u00f1ado para que la energ\u00eda fluya.Nuestra Shala de 80m\u00b2 es un espacio donde se respira calma y cada rinc\u00f3n invita a la presencia. Contamos con todo el material necesario para diferentes disciplinas: mantas, sillas, esterillas, bloques, cojines de meditaci\u00f3n\u2026 todo listo para que t\u00fa y tu [&hellip;]","og_url":"https:\/\/gureyoga.com\/es\/la-shala\/","og_site_name":"Gure Yoga","article_modified_time":"2025-08-10T13:29:09+00:00","og_image":[{"width":1024,"height":682,"url":"https:\/\/gureyoga.com\/wp-content\/uploads\/2024\/02\/Diseno-sin-titulo-67-1024x682.png","type":"image\/png"}],"twitter_card":"summary_large_image","twitter_misc":{"Tiempo de lectura":"1 minuto"},"schema":{"@context":"https:\/\/schema.org","@graph":[{"@type":"WebPage","@id":"https:\/\/gureyoga.com\/la-shala\/","url":"https:\/\/gureyoga.com\/la-shala\/","name":"La Shala - Gure Yoga","isPartOf":{"@id":"https:\/\/gureyoga.com\/#website"},"primaryImageOfPage":{"@id":"https:\/\/gureyoga.com\/la-shala\/#primaryimage"},"image":{"@id":"https:\/\/gureyoga.com\/la-shala\/#primaryimage"},"thumbnailUrl":"https:\/\/gureyoga.com\/wp-content\/uploads\/2024\/02\/Diseno-sin-titulo-67-1024x682.png","datePublished":"2024-01-29T17:30:51+00:00","dateModified":"2025-08-10T13:29:09+00:00","breadcrumb":{"@id":"https:\/\/gureyoga.com\/la-shala\/#breadcrumb"},"inLanguage":"es","potentialAction":[{"@type":"ReadAction","target":["https:\/\/gureyoga.com\/la-shala\/"]}]},{"@type":"ImageObject","inLanguage":"es","@id":"https:\/\/gureyoga.com\/la-shala\/#primaryimage","url":"https:\/\/gureyoga.com\/wp-content\/uploads\/2024\/02\/Diseno-sin-titulo-67-1024x682.png","contentUrl":"https:\/\/gureyoga.com\/wp-content\/uploads\/2024\/02\/Diseno-sin-titulo-67-1024x682.png"},{"@type":"BreadcrumbList","@id":"https:\/\/gureyoga.com\/la-shala\/#breadcrumb","itemListElement":[{"@type":"ListItem","position":1,"name":"Portada","item":"https:\/\/gureyoga.com\/"},{"@type":"ListItem","position":2,"name":"La Shala"}]},{"@type":"WebSite","@id":"https:\/\/gureyoga.com\/#website","url":"https:\/\/gureyoga.com\/","name":"Gure Yoga","description":"El yoga es para todas las personas que quieran mejorar su salud f\u00edsica y mental.","potentialAction":[{"@type":"SearchAction","target":{"@type":"EntryPoint","urlTemplate":"https:\/\/gureyoga.com\/?s={search_term_string}"},"query-input":{"@type":"PropertyValueSpecification","valueRequired":true,"valueName":"search_term_string"}}],"inLanguage":"es"}]}},"_links":{"self":[{"href":"https:\/\/gureyoga.com\/es\/wp-json\/wp\/v2\/pages\/1768","targetHints":{"allow":["GET"]}}],"collection":[{"href":"https:\/\/gureyoga.com\/es\/wp-json\/wp\/v2\/pages"}],"about":[{"href":"https:\/\/gureyoga.com\/es\/wp-json\/wp\/v2\/types\/page"}],"author":[{"embeddable":true,"href":"https:\/\/gureyoga.com\/es\/wp-json\/wp\/v2\/users\/1"}],"replies":[{"embeddable":true,"href":"https:\/\/gureyoga.com\/es\/wp-json\/wp\/v2\/comments?post=1768"}],"version-history":[{"count":55,"href":"https:\/\/gureyoga.com\/es\/wp-json\/wp\/v2\/pages\/1768\/revisions"}],"predecessor-version":[{"id":2730,"href":"https:\/\/gureyoga.com\/es\/wp-json\/wp\/v2\/pages\/1768\/revisions\/2730"}],"wp:attachment":[{"href":"https:\/\/gureyoga.com\/es\/wp-json\/wp\/v2\/media?parent=1768"}],"curies":[{"name":"wp","href":"https:\/\/api.w.org\/{rel}","templated":true}]}}